{"id":39,"date":"2018-10-03T17:50:36","date_gmt":"2018-10-03T15:50:36","guid":{"rendered":"http:\/\/localhost\/ctp\/web\/?page_id=39"},"modified":"2019-02-20T13:25:11","modified_gmt":"2019-02-20T12:25:11","slug":"gestion-de-la-ctp","status":"publish","type":"page","link":"https:\/\/www.ciudaddeltransportedepamplona.com\/en\/gestion-de-la-ctp\/","title":{"rendered":"Managing the CTP","raw":"Managing the CTP"},"content":{"rendered":"<div class=\"intro\">\n<p>Businesses in the CTP are part of an Owners Community that manages the Hub&#8217;s different spaces and common services.<\/p>\n<\/div>\n<div class=\"txt\">\n<p>\nEfficiently and reliably providing these services constitutes significant savings for the companies, not only economically but in terms of time and effort. Being able to avert issues that are not essential to the core business allows greater focus to be put on the main priority: the company.\n<\/p>\n<\/div>\n<div class=\"row\">\n<div class=\"col-12 col-md-4\">\n<img loading=\"lazy\" decoding=\"async\" src=\"https:\/\/www.ciudaddeltransportedepamplona.com\/wp-content\/uploads\/urbanismo-ciudad-de-transporte.png\" alt=\"Urbanismo ciudad del transporte\" width=\"430\" height=\"300\" class=\"alignnone size-full wp-image-30\" srcset=\"https:\/\/www.ciudaddeltransportedepamplona.com\/wp-content\/uploads\/urbanismo-ciudad-de-transporte.png 430w, https:\/\/www.ciudaddeltransportedepamplona.com\/wp-content\/uploads\/urbanismo-ciudad-de-transporte-300x209.png 300w\" sizes=\"auto, (max-width: 430px) 100vw, 430px\" \/>\n<\/div>\n<div class=\"col-12 col-md-8\">\n<div class=\"txt\">\n<p>The common services managed by the CTP are:<\/p>\n<ul>\n<li>Surveillance and security<\/li>\n<li>Winter road management<\/li>\n<li>Lighting and building maintenance<\/li>\n<li>Road conservation and signalling<\/li>\n<li>Cleaning<\/li>\n<li>Landscaping<\/li>\n<\/ul>\n<\/div>\n<\/div>\n<\/div>\n","protected":false,"raw":"<div class=\"intro\"><p>Businesses in the CTP are part of an Owners Community that manages the Hub's different spaces and common services.<\/p><\/div>\r\n<div class=\"txt\"><p>\r\nEfficiently and reliably providing these services constitutes significant savings for the companies, not only economically but in terms of time and effort. Being able to avert issues that are not essential to the core business allows greater focus to be put on the main priority: the company. \r\n<\/p><\/div>\r\n\r\n<div class=\"row\">\r\n<div class=\"col-12 col-md-4\">\r\n<img src=\"https:\/\/www.ciudaddeltransportedepamplona.com\/wp-content\/uploads\/urbanismo-ciudad-de-transporte.png\" alt=\"Urbanismo ciudad del transporte\" width=\"430\" height=\"300\" class=\"alignnone size-full wp-image-30\" \/>\r\n<\/div>\r\n<div class=\"col-12 col-md-8\">  \r\n<div class=\"txt\">\r\n<p>The common services managed by the CTP are:<\/p>\r\n<ul>\r\n \t<li>Surveillance and security<\/li>\r\n \t<li>Winter road management<\/li>\r\n \t<li>Lighting and building maintenance<\/li>\r\n \t<li>Road conservation and signalling<\/li>\r\n \t<li>Cleaning<\/li>\r\n \t<li>Landscaping<\/li>\r\n<\/ul>\r\n<\/div>\r\n<\/div>\r\n<\/div>"},"excerpt":{"rendered":"","protected":false,"raw":""},"author":1,"featured_media":0,"parent":0,"menu_order":0,"comment_status":"closed","ping_status":"closed","template":"page-templates\/full-width.php","meta":{"_acf_changed":false,"_es_post_content":"<div class=\"intro\"><p>Las empresas de la CTP se agrupan en una Comunidad de Propietarios que gestiona los espacios y servicios comunes.<\/p><\/div>\r\n<div class=\"txt\"><p>\r\nLa prestaci\u00f3n eficaz y garantizada de estos servicios supone para las empresas tanto un importante ahorro econ\u00f3mico, como de tiempo y esfuerzo, al permitirles obviar estas cuestiones ajenas a su propia actividad y centrarse en lo prioritario: su negocio.\r\n<\/p><\/div>\r\n\r\n<div class=\"row\">\r\n<div class=\"col-12 col-md-4\">\r\n<img src=\"https:\/\/www.ciudaddeltransportedepamplona.com\/wp-content\/uploads\/urbanismo-ciudad-de-transporte.png\" alt=\"Urbanismo ciudad del transporte\" width=\"430\" height=\"300\" class=\"alignnone size-full wp-image-30\" \/>\r\n<\/div>\r\n<div class=\"col-12 col-md-8\">  \r\n<div class=\"txt\">\r\n<p>Los servicios comunes gestionados por la CTP son:<\/p>\r\n<ul>\r\n \t<li>Vigilancia y seguridad<\/li>\r\n \t<li>Vialidad invernal<\/li>\r\n \t<li>Mantenimiento de alumbrado y mobiliario<\/li>\r\n \t<li>Conservaci\u00f3n de viales y se\u00f1alizaci\u00f3n<\/li>\r\n \t<li>Limpieza<\/li>\r\n \t<li>Jardiner\u00eda<\/li>\r\n<\/ul>\r\n<\/div>\r\n<\/div>\r\n<\/div>","_es_post_name":"gestion-de-la-ctp","_es_post_excerpt":"","_es_post_title":"Gesti\u00f3n de la CTP","_en_post_content":"<div class=\"intro\"><p>Businesses in the CTP are part of an Owners Community that manages the Hub's different spaces and common services.<\/p><\/div>\r\n<div class=\"txt\"><p>\r\nEfficiently and reliably providing these services constitutes significant savings for the companies, not only economically but in terms of time and effort. Being able to avert issues that are not essential to the core business allows greater focus to be put on the main priority: the company. \r\n<\/p><\/div>\r\n\r\n<div class=\"row\">\r\n<div class=\"col-12 col-md-4\">\r\n<img src=\"https:\/\/www.ciudaddeltransportedepamplona.com\/wp-content\/uploads\/urbanismo-ciudad-de-transporte.png\" alt=\"Urbanismo ciudad del transporte\" width=\"430\" height=\"300\" class=\"alignnone size-full wp-image-30\" \/>\r\n<\/div>\r\n<div class=\"col-12 col-md-8\">  \r\n<div class=\"txt\">\r\n<p>The common services managed by the CTP are:<\/p>\r\n<ul>\r\n \t<li>Surveillance and security<\/li>\r\n \t<li>Winter road management<\/li>\r\n \t<li>Lighting and building maintenance<\/li>\r\n \t<li>Road conservation and signalling<\/li>\r\n \t<li>Cleaning<\/li>\r\n \t<li>Landscaping<\/li>\r\n<\/ul>\r\n<\/div>\r\n<\/div>\r\n<\/div>","_en_post_name":"gestion-de-la-ctp","_en_post_excerpt":"","_en_post_title":"Managing the CTP","edit_language":"en","footnotes":""},"class_list":["post-39","page","type-page","status-publish","hentry"],"acf":[],"yoast_head":"<!-- This site is optimized with the Yoast SEO plugin v28.4 - https:\/\/yoast.com\/product\/yoast-seo-wordpress\/ -->\n<title>Gesti\u00f3n de la CTP - Ciudad del Transporte de Pamplona<\/title>\n<meta name=\"robots\" content=\"index, follow, max-snippet:-1, max-image-preview:large, max-video-preview:-1\" \/>\n<link rel=\"canonical\" href=\"https:\/\/www.ciudaddeltransportedepamplona.com\/es\/gestion-de-la-ctp\/\" \/>\n<meta property=\"og:locale\" content=\"en_US\" \/>\n<meta property=\"og:type\" content=\"article\" \/>\n<meta property=\"og:title\" content=\"Gesti\u00f3n de la CTP - Ciudad del Transporte de Pamplona\" \/>\n<meta property=\"og:description\" content=\"Businesses in the CTP are part of an Owners Community that manages the Hub&#8217;s different spaces and common services. Efficiently and reliably providing these services constitutes significant savings for the companies, not only economically but in terms of time and effort. Being able to avert issues that are not essential to the core business allows [&hellip;]\" \/>\n<meta property=\"og:url\" content=\"https:\/\/www.ciudaddeltransportedepamplona.com\/es\/gestion-de-la-ctp\/\" \/>\n<meta property=\"og:site_name\" content=\"Ciudad del Transporte de Pamplona\" \/>\n<meta property=\"article:modified_time\" content=\"2019-02-20T12:25:11+00:00\" \/>\n<meta property=\"og:image\" content=\"https:\/\/www.ciudaddeltransportedepamplona.com\/wp-content\/uploads\/urbanismo-ciudad-de-transporte.png\" \/>\n<meta name=\"twitter:card\" content=\"summary_large_image\" \/>\n<script type=\"application\/ld+json\" class=\"yoast-schema-graph\">{\"@context\":\"https:\\\/\\\/schema.org\",\"@graph\":[{\"@type\":\"WebPage\",\"@id\":\"https:\\\/\\\/www.ciudaddeltransportedepamplona.com\\\/es\\\/gestion-de-la-ctp\\\/\",\"url\":\"https:\\\/\\\/www.ciudaddeltransportedepamplona.com\\\/es\\\/gestion-de-la-ctp\\\/\",\"name\":\"Gesti\u00f3n de la CTP - Ciudad del Transporte de Pamplona\",\"isPartOf\":{\"@id\":\"https:\\\/\\\/www.ciudaddeltransportedepamplona.com\\\/es\\\/#website\"},\"primaryImageOfPage\":{\"@id\":\"https:\\\/\\\/www.ciudaddeltransportedepamplona.com\\\/es\\\/gestion-de-la-ctp\\\/#primaryimage\"},\"image\":{\"@id\":\"https:\\\/\\\/www.ciudaddeltransportedepamplona.com\\\/es\\\/gestion-de-la-ctp\\\/#primaryimage\"},\"thumbnailUrl\":\"https:\\\/\\\/www.ciudaddeltransportedepamplona.com\\\/wp-content\\\/uploads\\\/urbanismo-ciudad-de-transporte.png\",\"datePublished\":\"2018-10-03T15:50:36+00:00\",\"dateModified\":\"2019-02-20T12:25:11+00:00\",\"breadcrumb\":{\"@id\":\"https:\\\/\\\/www.ciudaddeltransportedepamplona.com\\\/es\\\/gestion-de-la-ctp\\\/#breadcrumb\"},\"inLanguage\":\"en-US\",\"potentialAction\":[{\"@type\":\"ReadAction\",\"target\":[\"https:\\\/\\\/www.ciudaddeltransportedepamplona.com\\\/es\\\/gestion-de-la-ctp\\\/\"]}]},{\"@type\":\"ImageObject\",\"inLanguage\":\"en-US\",\"@id\":\"https:\\\/\\\/www.ciudaddeltransportedepamplona.com\\\/es\\\/gestion-de-la-ctp\\\/#primaryimage\",\"url\":\"https:\\\/\\\/www.ciudaddeltransportedepamplona.com\\\/wp-content\\\/uploads\\\/urbanismo-ciudad-de-transporte.png\",\"contentUrl\":\"https:\\\/\\\/www.ciudaddeltransportedepamplona.com\\\/wp-content\\\/uploads\\\/urbanismo-ciudad-de-transporte.png\"},{\"@type\":\"BreadcrumbList\",\"@id\":\"https:\\\/\\\/www.ciudaddeltransportedepamplona.com\\\/es\\\/gestion-de-la-ctp\\\/#breadcrumb\",\"itemListElement\":[{\"@type\":\"ListItem\",\"position\":1,\"name\":\"Portada\",\"item\":\"https:\\\/\\\/www.ciudaddeltransportedepamplona.com\\\/es\\\/\"},{\"@type\":\"ListItem\",\"position\":2,\"name\":\"Gesti\u00f3n de la CTP\"}]},{\"@type\":\"WebSite\",\"@id\":\"https:\\\/\\\/www.ciudaddeltransportedepamplona.com\\\/es\\\/#website\",\"url\":\"https:\\\/\\\/www.ciudaddeltransportedepamplona.com\\\/es\\\/\",\"name\":\"Ciudad del Transporte de Pamplona\",\"description\":\"\",\"publisher\":{\"@id\":\"https:\\\/\\\/www.ciudaddeltransportedepamplona.com\\\/es\\\/#organization\"},\"potentialAction\":[{\"@type\":\"SearchAction\",\"target\":{\"@type\":\"EntryPoint\",\"urlTemplate\":\"https:\\\/\\\/www.ciudaddeltransportedepamplona.com\\\/es\\\/?s={search_term_string}\"},\"query-input\":{\"@type\":\"PropertyValueSpecification\",\"valueRequired\":true,\"valueName\":\"search_term_string\"}}],\"inLanguage\":\"en-US\"},{\"@type\":\"Organization\",\"@id\":\"https:\\\/\\\/www.ciudaddeltransportedepamplona.com\\\/es\\\/#organization\",\"name\":\"Ciudad del Transporte de Pamplona\",\"url\":\"https:\\\/\\\/www.ciudaddeltransportedepamplona.com\\\/es\\\/\",\"logo\":{\"@type\":\"ImageObject\",\"inLanguage\":\"en-US\",\"@id\":\"https:\\\/\\\/www.ciudaddeltransportedepamplona.com\\\/es\\\/#\\\/schema\\\/logo\\\/image\\\/\",\"url\":\"https:\\\/\\\/www.ciudaddeltransportedepamplona.com\\\/wp-content\\\/uploads\\\/logotipo-ctp.png\",\"contentUrl\":\"https:\\\/\\\/www.ciudaddeltransportedepamplona.com\\\/wp-content\\\/uploads\\\/logotipo-ctp.png\",\"width\":116,\"height\":49,\"caption\":\"Ciudad del Transporte de Pamplona\"},\"image\":{\"@id\":\"https:\\\/\\\/www.ciudaddeltransportedepamplona.com\\\/es\\\/#\\\/schema\\\/logo\\\/image\\\/\"}}]}<\/script>\n<!-- \/ Yoast SEO plugin. -->","yoast_head_json":{"title":"Gesti\u00f3n de la CTP - Ciudad del Transporte de Pamplona","robots":{"index":"index","follow":"follow","max-snippet":"max-snippet:-1","max-image-preview":"max-image-preview:large","max-video-preview":"max-video-preview:-1"},"canonical":"https:\/\/www.ciudaddeltransportedepamplona.com\/es\/gestion-de-la-ctp\/","og_locale":"en_US","og_type":"article","og_title":"Gesti\u00f3n de la CTP - Ciudad del Transporte de Pamplona","og_description":"Businesses in the CTP are part of an Owners Community that manages the Hub&#8217;s different spaces and common services. Efficiently and reliably providing these services constitutes significant savings for the companies, not only economically but in terms of time and effort. Being able to avert issues that are not essential to the core business allows [&hellip;]","og_url":"https:\/\/www.ciudaddeltransportedepamplona.com\/es\/gestion-de-la-ctp\/","og_site_name":"Ciudad del Transporte de Pamplona","article_modified_time":"2019-02-20T12:25:11+00:00","og_image":[{"url":"https:\/\/www.ciudaddeltransportedepamplona.com\/wp-content\/uploads\/urbanismo-ciudad-de-transporte.png","type":"","width":"","height":""}],"twitter_card":"summary_large_image","schema":{"@context":"https:\/\/schema.org","@graph":[{"@type":"WebPage","@id":"https:\/\/www.ciudaddeltransportedepamplona.com\/es\/gestion-de-la-ctp\/","url":"https:\/\/www.ciudaddeltransportedepamplona.com\/es\/gestion-de-la-ctp\/","name":"Gesti\u00f3n de la CTP - Ciudad del Transporte de Pamplona","isPartOf":{"@id":"https:\/\/www.ciudaddeltransportedepamplona.com\/es\/#website"},"primaryImageOfPage":{"@id":"https:\/\/www.ciudaddeltransportedepamplona.com\/es\/gestion-de-la-ctp\/#primaryimage"},"image":{"@id":"https:\/\/www.ciudaddeltransportedepamplona.com\/es\/gestion-de-la-ctp\/#primaryimage"},"thumbnailUrl":"https:\/\/www.ciudaddeltransportedepamplona.com\/wp-content\/uploads\/urbanismo-ciudad-de-transporte.png","datePublished":"2018-10-03T15:50:36+00:00","dateModified":"2019-02-20T12:25:11+00:00","breadcrumb":{"@id":"https:\/\/www.ciudaddeltransportedepamplona.com\/es\/gestion-de-la-ctp\/#breadcrumb"},"inLanguage":"en-US","potentialAction":[{"@type":"ReadAction","target":["https:\/\/www.ciudaddeltransportedepamplona.com\/es\/gestion-de-la-ctp\/"]}]},{"@type":"ImageObject","inLanguage":"en-US","@id":"https:\/\/www.ciudaddeltransportedepamplona.com\/es\/gestion-de-la-ctp\/#primaryimage","url":"https:\/\/www.ciudaddeltransportedepamplona.com\/wp-content\/uploads\/urbanismo-ciudad-de-transporte.png","contentUrl":"https:\/\/www.ciudaddeltransportedepamplona.com\/wp-content\/uploads\/urbanismo-ciudad-de-transporte.png"},{"@type":"BreadcrumbList","@id":"https:\/\/www.ciudaddeltransportedepamplona.com\/es\/gestion-de-la-ctp\/#breadcrumb","itemListElement":[{"@type":"ListItem","position":1,"name":"Portada","item":"https:\/\/www.ciudaddeltransportedepamplona.com\/es\/"},{"@type":"ListItem","position":2,"name":"Gesti\u00f3n de la CTP"}]},{"@type":"WebSite","@id":"https:\/\/www.ciudaddeltransportedepamplona.com\/es\/#website","url":"https:\/\/www.ciudaddeltransportedepamplona.com\/es\/","name":"Ciudad del Transporte de Pamplona","description":"","publisher":{"@id":"https:\/\/www.ciudaddeltransportedepamplona.com\/es\/#organization"},"potentialAction":[{"@type":"SearchAction","target":{"@type":"EntryPoint","urlTemplate":"https:\/\/www.ciudaddeltransportedepamplona.com\/es\/?s={search_term_string}"},"query-input":{"@type":"PropertyValueSpecification","valueRequired":true,"valueName":"search_term_string"}}],"inLanguage":"en-US"},{"@type":"Organization","@id":"https:\/\/www.ciudaddeltransportedepamplona.com\/es\/#organization","name":"Ciudad del Transporte de Pamplona","url":"https:\/\/www.ciudaddeltransportedepamplona.com\/es\/","logo":{"@type":"ImageObject","inLanguage":"en-US","@id":"https:\/\/www.ciudaddeltransportedepamplona.com\/es\/#\/schema\/logo\/image\/","url":"https:\/\/www.ciudaddeltransportedepamplona.com\/wp-content\/uploads\/logotipo-ctp.png","contentUrl":"https:\/\/www.ciudaddeltransportedepamplona.com\/wp-content\/uploads\/logotipo-ctp.png","width":116,"height":49,"caption":"Ciudad del Transporte de Pamplona"},"image":{"@id":"https:\/\/www.ciudaddeltransportedepamplona.com\/es\/#\/schema\/logo\/image\/"}}]}},"_links":{"self":[{"href":"https:\/\/www.ciudaddeltransportedepamplona.com\/en\/wp-json\/wp\/v2\/pages\/39","targetHints":{"allow":["GET"]}}],"collection":[{"href":"https:\/\/www.ciudaddeltransportedepamplona.com\/en\/wp-json\/wp\/v2\/pages"}],"about":[{"href":"https:\/\/www.ciudaddeltransportedepamplona.com\/en\/wp-json\/wp\/v2\/types\/page"}],"author":[{"embeddable":true,"href":"https:\/\/www.ciudaddeltransportedepamplona.com\/en\/wp-json\/wp\/v2\/users\/1"}],"replies":[{"embeddable":true,"href":"https:\/\/www.ciudaddeltransportedepamplona.com\/en\/wp-json\/wp\/v2\/comments?post=39"}],"version-history":[{"count":5,"href":"https:\/\/www.ciudaddeltransportedepamplona.com\/en\/wp-json\/wp\/v2\/pages\/39\/revisions"}],"predecessor-version":[{"id":105,"href":"https:\/\/www.ciudaddeltransportedepamplona.com\/en\/wp-json\/wp\/v2\/pages\/39\/revisions\/105"}],"wp:attachment":[{"href":"https:\/\/www.ciudaddeltransportedepamplona.com\/en\/wp-json\/wp\/v2\/media?parent=39"}],"curies":[{"name":"wp","href":"https:\/\/api.w.org\/{rel}","templated":true}]}}