{"id":3,"date":"2018-10-03T10:35:31","date_gmt":"2018-10-03T10:35:31","guid":{"rendered":"http:\/\/localhost\/ctp\/web\/?page_id=3"},"modified":"2019-01-29T12:05:39","modified_gmt":"2019-01-29T11:05:39","slug":"","status":"publish","type":"page","link":"https:\/\/www.ciudaddeltransportedepamplona.com\/en\/politica-privacidad\/","title":{"rendered":"","raw":""},"content":{"rendered":"","protected":false,"raw":""},"excerpt":{"rendered":"","protected":false,"raw":""},"author":1,"featured_media":0,"parent":0,"menu_order":0,"comment_status":"closed","ping_status":"closed","template":"page-templates\/full-width.php","meta":{"_acf_changed":false,"_es_post_content":"<h2> Pol\u00edtica de privacidad<\/h2>\r\n\r\n          <p>Este   Aviso de Privacidad proporciona un marco de entendimiento acerca del tratamiento de los datos personales recopilados por el Responsable de   tratamiento de datos (como se define a continuaci\u00f3n), seg\u00fan lo exige la   ley, incluidas las disposiciones del Reglamento General de Protecci\u00f3n de   Datos de la Uni\u00f3n Europea ('RGPD'). Los datos personales ser\u00e1n   controlados y procesados por el Responsable de tratamiento de datos de   acuerdo con los t\u00e9rminos de este Aviso de Privacidad.<\/p>\r\n          <ul>\r\n<li>Comunidad de Propietarios de 1\u00aa y 2\u00aa Fase de Ciudad del Transporte<\/li>\r\n<li>CIF. V 71320824<\/li>\r\n<li>Plaza Europa 2<\/li>\r\n<li>31119 Imarcoain (NAVARRA)<\/li>\r\n        <\/ul>\r\n          <h3>\u00bfCon qu\u00e9 finalidad tratamos sus datos personales?<\/h3>\r\n          <p>En <strong>la Ciudad del Transporte de Pamplona<\/strong> tratamos la informaci\u00f3n   que nos facilita con la finalidad de gestionar la relaci\u00f3n con los usuarios, gestionar el env\u00edo de la informaci\u00f3n que nos solicita y facilitar a los interesados ofertas de nuestros servicios y\/o productos   de su inter\u00e9s.<\/p>\r\n          <h3>\u00bfPor cu\u00e1nto tiempo conservaremos sus datos personales?<\/h3>\r\n          <p>Sus datos, ser\u00e1n conservados el tiempo m\u00ednimo necesario para la   correcta prestaci\u00f3n del servicio ofrecido as\u00ed como para atender las   responsabilidades que se pudieran derivar del mismo y de cualquier otra   exigencia legal.<\/p>\r\n          <h3>\u00bfCu\u00e1l es la legitimaci\u00f3n para el tratamiento de sus datos?<\/h3>\r\n          <p>La base legal para el tratamiento de sus datos personales puede ser   la ejecuci\u00f3n de una relaci\u00f3n contractual potencial y\/o suscrita, el   inter\u00e9s leg\u00edtimo, la habilitaci\u00f3n legal y\/o el consentimiento del propio   interesado. Los datos que le solicitamos son adecuados, pertinentes y   estrictamente necesarios y en ning\u00fan caso est\u00e1 obligado a   facilit\u00e1rnoslos, \u00fanicamente debe facilitarnoslo en el caso de enviarnos un formulario a trav\u00e9s de la web, en cuyo caso debe aceptar previamente nuestra pol\u00edtica de privacidad.. <\/p>\r\n          <h3>\u00bfA qu\u00e9 destinatarios se comunicar\u00e1n sus datos?<\/h3>\r\n          <p><strong>la Ciudad del Transporte de Pamplona<\/strong> no comunicar\u00e1 sus datos a ning\u00fan tercero, salvo que se informe de ello expresamente.<\/p>\r\n          <h3>\u00bfCu\u00e1les son sus derechos cuando nos facilita sus datos?<\/h3>\r\n          <p>Los derechos de protecci\u00f3n de datos de los que son titulares los interesados son:<\/p>\r\n          <ul>\r\n            <li>Derecho a solicitar el acceso a los datos personales relativos al interesado<\/li>\r\n            <li>Derecho de rectificaci\u00f3n o supresi\u00f3n<\/li>\r\n            <li>Derecho de oposici\u00f3n<\/li>\r\n            <li>Derecho a solicitar la limitaci\u00f3n de su tratamiento<\/li>\r\n            <li>Derecho a la portabilidad de los datos<\/li>\r\n          <\/ul>\r\n          <p>Los titulares de los datos personales obtenidos, podr\u00e1n ejercer sus   derechos de protecci\u00f3n de datos personales dirigiendo una comunicaci\u00f3n   por escrito al domicilio social de <strong>la Ciudad del Transporte de Pamplona<\/strong> o al correo electr\u00f3nico habilitado a tal efecto, info@ciudaddeltransportedepamplona.com, incluyendo en ambos casos fotocopia de su DNI u otro documento de identificaci\u00f3n equivalente.<\/p>\r\n          <p>Modelos, formularios y m\u00e1s informaci\u00f3n disponible sobre sus derechos   en la p\u00e1gina web de la autoridad de control nacional, Agencia Espa\u00f1ola   de Protecci\u00f3n de Datos, en adelante, AEPD, <a href=\"http:\/\/www.agpd.es\">www.agpd.es<\/a>.<\/p>\r\n          <h3>\u00bfPuedo retirar el consentimiento?<\/h3>\r\n          <p>Usted tiene la posibilidad y el derecho a retirar el consentimiento   para cualquiera finalidad espec\u00edfica otorgada en su momento, sin que   ello afecte a la licitud del tratamiento basado en el consentimiento   previo a su retirada.<\/p>\r\n          <h3>\u00bfD\u00f3nde puedo reclamar en caso de que considere que no se tratan mis datos correctamente?<\/h3>\r\n          <p>Si alg\u00fan interesado considera que sus datos no son tratados   correctamente por <strong>la Ciudad del Transporte de Pamplona<\/strong> puede   dirigir sus reclamaciones al correo <strong>info@ciudaddeltransportedepamplona.com<\/strong>  o a la autoridad de protecci\u00f3n de datos que corresponda, siendo la AEPD la indicada en el territorio nacional, <a href=\"http:\/\/www.agpd.es\">www.agpd.es<\/a><\/p>\r\n          <h3>Seguridad y actualizaci\u00f3n de sus datos personales<\/h3>\r\n          <p>Con el objetivo de salvaguardar la seguridad de sus datos personales,   le informamos que <strong>la Ciudad del Transporte de Pamplona<\/strong> ha adoptado   todas las medidas de \u00edndole t\u00e9cnica y organizativa necesarias para   garantizar la seguridad de los datos personales suministrados. Todo ello   para evitar su alteraci\u00f3n, p\u00e9rdida, y\/o tratamientos o accesos no   autorizados, tal como exige la normativa, si bien la seguridad absoluta   no existe.<\/p>\r\n          <p>Es importante que, para que podamos mantener sus datos personales   actualizados, nos informe siempre que se produzca una modificaci\u00f3n de   los mismos. <\/p>\r\n          <h3>Confidencialidad<\/h3>\r\n          <p><strong>la Ciudad del Transporte de Pamplona<\/strong> le informa que sus datos   ser\u00e1n tratados con el m\u00e1ximo celo y confidencialidad por todo el   personal que intervenga en cualquiera de las fases del tratamiento. No   cederemos ni comunicaremos a ning\u00fan tercero sus datos, excepto en los   casos legalmente previstos, o salvo que el interesado nos hubiera   autorizado expresamente.<\/p>\r\n        <\/div>","_es_post_name":"politica-privacidad","_es_post_excerpt":"","_es_post_title":"Pol\u00edtica de privacidad","_en_post_content":"","_en_post_name":"","_en_post_excerpt":"","_en_post_title":"","edit_language":"en","footnotes":""},"class_list":["post-3","page","type-page","status-publish","hentry"],"acf":[],"yoast_head":"<!-- This site is optimized with the Yoast SEO plugin v28.4 - https:\/\/yoast.com\/product\/yoast-seo-wordpress\/ -->\n<title>Pol\u00edtica de privacidad - Ciudad del Transporte de Pamplona<\/title>\n<meta name=\"robots\" content=\"index, follow, max-snippet:-1, max-image-preview:large, max-video-preview:-1\" \/>\n<link rel=\"canonical\" href=\"https:\/\/www.ciudaddeltransportedepamplona.com\/es\/politica-privacidad\/\" \/>\n<meta property=\"og:locale\" content=\"en_US\" \/>\n<meta property=\"og:type\" content=\"article\" \/>\n<meta property=\"og:title\" content=\"Pol\u00edtica de privacidad - Ciudad del Transporte de Pamplona\" \/>\n<meta property=\"og:description\" content=\"Pol\u00edtica de privacidad Este Aviso de Privacidad proporciona un marco de entendimiento acerca del tratamiento de los datos personales recopilados por el Responsable de tratamiento de datos (como se define a continuaci\u00f3n), seg\u00fan lo exige la ley, incluidas las disposiciones del Reglamento General de Protecci\u00f3n de Datos de la Uni\u00f3n Europea (&#8216;RGPD&#8217;). Los datos personales [&hellip;]\" \/>\n<meta property=\"og:url\" content=\"https:\/\/www.ciudaddeltransportedepamplona.com\/es\/politica-privacidad\/\" \/>\n<meta property=\"og:site_name\" content=\"Ciudad del Transporte de Pamplona\" \/>\n<meta property=\"article:modified_time\" content=\"2019-01-29T11:05:39+00:00\" \/>\n<meta name=\"twitter:card\" content=\"summary_large_image\" \/>\n<meta name=\"twitter:label1\" content=\"Est. reading time\" \/>\n\t<meta name=\"twitter:data1\" content=\"4 minutes\" \/>\n<script type=\"application\/ld+json\" class=\"yoast-schema-graph\">{\"@context\":\"https:\\\/\\\/schema.org\",\"@graph\":[{\"@type\":\"WebPage\",\"@id\":\"https:\\\/\\\/www.ciudaddeltransportedepamplona.com\\\/es\\\/politica-privacidad\\\/\",\"url\":\"https:\\\/\\\/www.ciudaddeltransportedepamplona.com\\\/es\\\/politica-privacidad\\\/\",\"name\":\"Pol\u00edtica de privacidad - Ciudad del Transporte de Pamplona\",\"isPartOf\":{\"@id\":\"https:\\\/\\\/www.ciudaddeltransportedepamplona.com\\\/es\\\/#website\"},\"datePublished\":\"2018-10-03T10:35:31+00:00\",\"dateModified\":\"2019-01-29T11:05:39+00:00\",\"breadcrumb\":{\"@id\":\"https:\\\/\\\/www.ciudaddeltransportedepamplona.com\\\/es\\\/politica-privacidad\\\/#breadcrumb\"},\"inLanguage\":\"en-US\",\"potentialAction\":[{\"@type\":\"ReadAction\",\"target\":[\"https:\\\/\\\/www.ciudaddeltransportedepamplona.com\\\/es\\\/politica-privacidad\\\/\"]}]},{\"@type\":\"BreadcrumbList\",\"@id\":\"https:\\\/\\\/www.ciudaddeltransportedepamplona.com\\\/es\\\/politica-privacidad\\\/#breadcrumb\",\"itemListElement\":[{\"@type\":\"ListItem\",\"position\":1,\"name\":\"Portada\",\"item\":\"https:\\\/\\\/www.ciudaddeltransportedepamplona.com\\\/es\\\/\"},{\"@type\":\"ListItem\",\"position\":2,\"name\":\"Pol\u00edtica de privacidad\"}]},{\"@type\":\"WebSite\",\"@id\":\"https:\\\/\\\/www.ciudaddeltransportedepamplona.com\\\/es\\\/#website\",\"url\":\"https:\\\/\\\/www.ciudaddeltransportedepamplona.com\\\/es\\\/\",\"name\":\"Ciudad del Transporte de Pamplona\",\"description\":\"\",\"publisher\":{\"@id\":\"https:\\\/\\\/www.ciudaddeltransportedepamplona.com\\\/es\\\/#organization\"},\"potentialAction\":[{\"@type\":\"SearchAction\",\"target\":{\"@type\":\"EntryPoint\",\"urlTemplate\":\"https:\\\/\\\/www.ciudaddeltransportedepamplona.com\\\/es\\\/?s={search_term_string}\"},\"query-input\":{\"@type\":\"PropertyValueSpecification\",\"valueRequired\":true,\"valueName\":\"search_term_string\"}}],\"inLanguage\":\"en-US\"},{\"@type\":\"Organization\",\"@id\":\"https:\\\/\\\/www.ciudaddeltransportedepamplona.com\\\/es\\\/#organization\",\"name\":\"Ciudad del Transporte de Pamplona\",\"url\":\"https:\\\/\\\/www.ciudaddeltransportedepamplona.com\\\/es\\\/\",\"logo\":{\"@type\":\"ImageObject\",\"inLanguage\":\"en-US\",\"@id\":\"https:\\\/\\\/www.ciudaddeltransportedepamplona.com\\\/es\\\/#\\\/schema\\\/logo\\\/image\\\/\",\"url\":\"https:\\\/\\\/www.ciudaddeltransportedepamplona.com\\\/wp-content\\\/uploads\\\/logotipo-ctp.png\",\"contentUrl\":\"https:\\\/\\\/www.ciudaddeltransportedepamplona.com\\\/wp-content\\\/uploads\\\/logotipo-ctp.png\",\"width\":116,\"height\":49,\"caption\":\"Ciudad del Transporte de Pamplona\"},\"image\":{\"@id\":\"https:\\\/\\\/www.ciudaddeltransportedepamplona.com\\\/es\\\/#\\\/schema\\\/logo\\\/image\\\/\"}}]}<\/script>\n<!-- \/ Yoast SEO plugin. -->","yoast_head_json":{"title":"Pol\u00edtica de privacidad - Ciudad del Transporte de Pamplona","robots":{"index":"index","follow":"follow","max-snippet":"max-snippet:-1","max-image-preview":"max-image-preview:large","max-video-preview":"max-video-preview:-1"},"canonical":"https:\/\/www.ciudaddeltransportedepamplona.com\/es\/politica-privacidad\/","og_locale":"en_US","og_type":"article","og_title":"Pol\u00edtica de privacidad - Ciudad del Transporte de Pamplona","og_description":"Pol\u00edtica de privacidad Este Aviso de Privacidad proporciona un marco de entendimiento acerca del tratamiento de los datos personales recopilados por el Responsable de tratamiento de datos (como se define a continuaci\u00f3n), seg\u00fan lo exige la ley, incluidas las disposiciones del Reglamento General de Protecci\u00f3n de Datos de la Uni\u00f3n Europea (&#8216;RGPD&#8217;). Los datos personales [&hellip;]","og_url":"https:\/\/www.ciudaddeltransportedepamplona.com\/es\/politica-privacidad\/","og_site_name":"Ciudad del Transporte de Pamplona","article_modified_time":"2019-01-29T11:05:39+00:00","twitter_card":"summary_large_image","twitter_misc":{"Est. reading time":"4 minutes"},"schema":{"@context":"https:\/\/schema.org","@graph":[{"@type":"WebPage","@id":"https:\/\/www.ciudaddeltransportedepamplona.com\/es\/politica-privacidad\/","url":"https:\/\/www.ciudaddeltransportedepamplona.com\/es\/politica-privacidad\/","name":"Pol\u00edtica de privacidad - Ciudad del Transporte de Pamplona","isPartOf":{"@id":"https:\/\/www.ciudaddeltransportedepamplona.com\/es\/#website"},"datePublished":"2018-10-03T10:35:31+00:00","dateModified":"2019-01-29T11:05:39+00:00","breadcrumb":{"@id":"https:\/\/www.ciudaddeltransportedepamplona.com\/es\/politica-privacidad\/#breadcrumb"},"inLanguage":"en-US","potentialAction":[{"@type":"ReadAction","target":["https:\/\/www.ciudaddeltransportedepamplona.com\/es\/politica-privacidad\/"]}]},{"@type":"BreadcrumbList","@id":"https:\/\/www.ciudaddeltransportedepamplona.com\/es\/politica-privacidad\/#breadcrumb","itemListElement":[{"@type":"ListItem","position":1,"name":"Portada","item":"https:\/\/www.ciudaddeltransportedepamplona.com\/es\/"},{"@type":"ListItem","position":2,"name":"Pol\u00edtica de privacidad"}]},{"@type":"WebSite","@id":"https:\/\/www.ciudaddeltransportedepamplona.com\/es\/#website","url":"https:\/\/www.ciudaddeltransportedepamplona.com\/es\/","name":"Ciudad del Transporte de Pamplona","description":"","publisher":{"@id":"https:\/\/www.ciudaddeltransportedepamplona.com\/es\/#organization"},"potentialAction":[{"@type":"SearchAction","target":{"@type":"EntryPoint","urlTemplate":"https:\/\/www.ciudaddeltransportedepamplona.com\/es\/?s={search_term_string}"},"query-input":{"@type":"PropertyValueSpecification","valueRequired":true,"valueName":"search_term_string"}}],"inLanguage":"en-US"},{"@type":"Organization","@id":"https:\/\/www.ciudaddeltransportedepamplona.com\/es\/#organization","name":"Ciudad del Transporte de Pamplona","url":"https:\/\/www.ciudaddeltransportedepamplona.com\/es\/","logo":{"@type":"ImageObject","inLanguage":"en-US","@id":"https:\/\/www.ciudaddeltransportedepamplona.com\/es\/#\/schema\/logo\/image\/","url":"https:\/\/www.ciudaddeltransportedepamplona.com\/wp-content\/uploads\/logotipo-ctp.png","contentUrl":"https:\/\/www.ciudaddeltransportedepamplona.com\/wp-content\/uploads\/logotipo-ctp.png","width":116,"height":49,"caption":"Ciudad del Transporte de Pamplona"},"image":{"@id":"https:\/\/www.ciudaddeltransportedepamplona.com\/es\/#\/schema\/logo\/image\/"}}]}},"_links":{"self":[{"href":"https:\/\/www.ciudaddeltransportedepamplona.com\/en\/wp-json\/wp\/v2\/pages\/3","targetHints":{"allow":["GET"]}}],"collection":[{"href":"https:\/\/www.ciudaddeltransportedepamplona.com\/en\/wp-json\/wp\/v2\/pages"}],"about":[{"href":"https:\/\/www.ciudaddeltransportedepamplona.com\/en\/wp-json\/wp\/v2\/types\/page"}],"author":[{"embeddable":true,"href":"https:\/\/www.ciudaddeltransportedepamplona.com\/en\/wp-json\/wp\/v2\/users\/1"}],"replies":[{"embeddable":true,"href":"https:\/\/www.ciudaddeltransportedepamplona.com\/en\/wp-json\/wp\/v2\/comments?post=3"}],"version-history":[{"count":5,"href":"https:\/\/www.ciudaddeltransportedepamplona.com\/en\/wp-json\/wp\/v2\/pages\/3\/revisions"}],"predecessor-version":[{"id":269,"href":"https:\/\/www.ciudaddeltransportedepamplona.com\/en\/wp-json\/wp\/v2\/pages\/3\/revisions\/269"}],"wp:attachment":[{"href":"https:\/\/www.ciudaddeltransportedepamplona.com\/en\/wp-json\/wp\/v2\/media?parent=3"}],"curies":[{"name":"wp","href":"https:\/\/api.w.org\/{rel}","templated":true}]}}